{"id":70,"date":"2017-04-25T10:49:52","date_gmt":"2017-04-25T08:49:52","guid":{"rendered":"http:\/\/ziemia.niepolomice.pl\/?page_id=70"},"modified":"2026-04-26T00:34:38","modified_gmt":"2026-04-25T22:34:38","slug":"zarzad","status":"publish","type":"page","link":"http:\/\/ziemia.niepolomice.pl\/index.php\/zarzad\/","title":{"rendered":"Zarz\u0105d"},"content":{"rendered":"<p><img loading=\"lazy\" class=\"alignnone size-full wp-image-7950\" src=\"http:\/\/ziemia.niepolomice.pl\/wp-content\/uploads\/2026\/04\/800x600-Skan-Sklad-Zarzadu-SMZN-luty-2026.jpg\" alt=\"\" width=\"455\" height=\"600\" srcset=\"http:\/\/ziemia.niepolomice.pl\/wp-content\/uploads\/2026\/04\/800x600-Skan-Sklad-Zarzadu-SMZN-luty-2026.jpg 455w, http:\/\/ziemia.niepolomice.pl\/wp-content\/uploads\/2026\/04\/800x600-Skan-Sklad-Zarzadu-SMZN-luty-2026-228x300.jpg 228w\" sizes=\"(max-width: 455px) 100vw, 455px\" \/><\/p>\n<p><strong><u>P R O T O K \u00d3 \u0141 nr 1\/2021<\/u><\/strong><\/p>\n<p>z posiedzenia Zarz\u0105du Stowarzyszenia Mi\u0142o\u015bnik\u00f3w Ziemi Niepo\u0142omickiej\u00a0\u00a0w dniu 28.10.2021 r. dotyczy ukonstytuowania Zarz\u0105du Stowarzyszenia Mi\u0142o\u015bnik\u00f3w Ziemi Niepo\u0142omickiej.<\/p>\n<p>W wyniku prowadzonych obrad Zarz\u0105d ukonstytuowa\u0142 si\u0119 nast\u0119puj\u0105co:<\/p>\n<ol>\n<li>Prezes Zarz\u0105du Stowarzyszenia\u00a0\u00a0\u00a0\u00a0\u00a0\u00a0 &#8211; Mieczys\u0142aw Janusz Jag\u0142a<\/li>\n<li>Wiceprezes Zarz\u0105du\u00a0\u00a0\u00a0\u00a0\u00a0\u00a0\u00a0\u00a0\u00a0\u00a0\u00a0\u00a0\u00a0\u00a0 \u00a0\u00a0\u00a0\u00a0\u00a0\u00a0\u00a0\u00a0\u00a0 \u00a0 &#8211; Maria Kania<\/li>\n<li>Wiceprezes Zarz\u0105du\u00a0\u00a0\u00a0\u00a0\u00a0 \u00a0\u00a0\u00a0\u00a0\u00a0\u00a0\u00a0\u00a0\u00a0\u00a0\u00a0\u00a0\u00a0\u00a0\u00a0 \u00a0\u00a0\u00a0\u00a0 &#8211; Pawe\u0142 Paw\u0142owski<\/li>\n<li>Skarbnik\u00a0\u00a0\u00a0\u00a0\u00a0\u00a0\u00a0\u00a0\u00a0\u00a0\u00a0\u00a0\u00a0\u00a0\u00a0\u00a0\u00a0\u00a0\u00a0\u00a0\u00a0\u00a0\u00a0\u00a0\u00a0\u00a0\u00a0\u00a0\u00a0\u00a0\u00a0\u00a0\u00a0\u00a0\u00a0\u00a0\u00a0\u00a0\u00a0\u00a0\u00a0\u00a0\u00a0\u00a0\u00a0\u00a0 &#8211; Anna Magry\u015b<\/li>\n<li>Sekretarz\u00a0\u00a0\u00a0\u00a0\u00a0\u00a0\u00a0\u00a0\u00a0\u00a0\u00a0\u00a0\u00a0\u00a0\u00a0\u00a0\u00a0\u00a0\u00a0\u00a0\u00a0\u00a0\u00a0\u00a0\u00a0\u00a0\u00a0\u00a0\u00a0\u00a0\u00a0 \u00a0\u00a0\u00a0\u00a0\u00a0\u00a0\u00a0\u00a0 \u00a0\u00a0\u00a0\u00a0 &#8211; Jan Wojtal<\/li>\n<li>Cz\u0142onek Zarz\u0105du\u00a0\u00a0\u00a0\u00a0\u00a0\u00a0\u00a0\u00a0\u00a0\u00a0\u00a0\u00a0\u00a0\u00a0\u00a0\u00a0\u00a0\u00a0\u00a0 \u00a0\u00a0\u00a0\u00a0\u00a0\u00a0\u00a0 \u00a0\u00a0\u00a0\u00a0 &#8211; Antoni Siwek<\/li>\n<li>Cz\u0142onek Zarz\u0105du\u00a0\u00a0\u00a0\u00a0\u00a0\u00a0\u00a0\u00a0\u00a0\u00a0\u00a0\u00a0\u00a0\u00a0\u00a0\u00a0\u00a0\u00a0\u00a0 \u00a0\u00a0\u00a0\u00a0\u00a0\u00a0\u00a0 \u00a0\u00a0\u00a0\u00a0 &#8211; Jan Sikorski<\/li>\n<li>Cz\u0142onek Zarz\u0105du\u00a0\u00a0\u00a0\u00a0\u00a0\u00a0\u00a0\u00a0\u00a0\u00a0\u00a0\u00a0\u00a0\u00a0\u00a0\u00a0\u00a0\u00a0\u00a0\u00a0\u00a0\u00a0\u00a0\u00a0\u00a0\u00a0\u00a0\u00a0 \u00a0\u00a0\u00a0 &#8211; Jan D\u0105bro\u015b<\/li>\n<li>Cz\u0142onek Zarz\u0105du\u00a0\u00a0\u00a0\u00a0\u00a0\u00a0\u00a0\u00a0\u00a0\u00a0\u00a0\u00a0\u00a0\u00a0\u00a0\u00a0\u00a0\u00a0\u00a0\u00a0\u00a0\u00a0\u00a0\u00a0\u00a0\u00a0\u00a0\u00a0\u00a0 \u00a0\u00a0 &#8211; Kinga G\u0119bala<\/li>\n<li>Cz\u0142onek Zarz\u0105du \u00a0\u00a0\u00a0\u00a0\u00a0\u00a0\u00a0\u00a0\u00a0\u00a0\u00a0\u00a0\u00a0\u00a0\u00a0\u00a0\u00a0\u00a0\u00a0\u00a0\u00a0\u00a0\u00a0\u00a0\u00a0\u00a0\u00a0\u00a0 \u00a0\u00a0 &#8211; Janina W\u0119grzyn<\/li>\n<li>Cz\u0142onek Zarz\u0105du\u00a0\u00a0\u00a0\u00a0\u00a0\u00a0\u00a0\u00a0\u00a0\u00a0\u00a0\u00a0\u00a0\u00a0\u00a0\u00a0\u00a0\u00a0\u00a0\u00a0\u00a0\u00a0\u00a0\u00a0\u00a0\u00a0\u00a0\u00a0\u00a0 \u00a0\u00a0 &#8211; Piotr Kaszowski<\/li>\n<\/ol>\n<p><u>Komisja Rewizyjna<\/u><\/p>\n<ol>\n<li>Przewodnicz\u0105ca Komisji\u00a0\u00a0\u00a0\u00a0\u00a0\u00a0\u00a0\u00a0\u00a0\u00a0\u00a0\u00a0\u00a0\u00a0\u00a0\u00a0 &#8211; Helena Osikowicz<\/li>\n<li>Cz\u0142onek Komisji\u00a0\u00a0\u00a0\u00a0\u00a0\u00a0\u00a0\u00a0\u00a0\u00a0\u00a0\u00a0\u00a0\u00a0\u00a0\u00a0\u00a0\u00a0\u00a0\u00a0 \u00a0\u00a0\u00a0\u00a0\u00a0\u00a0\u00a0\u00a0\u00a0 &#8211; Janusz Biernat<\/li>\n<li>Cz\u0142onek Komisji\u00a0\u00a0\u00a0\u00a0\u00a0\u00a0\u00a0\u00a0\u00a0\u00a0\u00a0\u00a0\u00a0\u00a0\u00a0\u00a0\u00a0\u00a0\u00a0 \u00a0\u00a0\u00a0\u00a0 \u00a0\u00a0\u00a0\u00a0\u00a0 &#8211; Stanis\u0142awa Kozub<\/li>\n<\/ol>\n<p><strong>Adres do korespondencji: ul. M\u0142y\u0144ska 18\/34, 32-005 Niepo\u0142omice<\/strong><\/p>\n<p><strong>NIP: 683 202 6295<\/strong><\/p>\n<p><strong>Regon: 356 765 327<\/strong><\/p>\n<p><strong>KRS: 0000168482<\/strong><\/p>\n<p><strong>Tel. 601 518 536<\/strong><\/p>\n<p><strong>Nr konta w MBS: 11 8619 0006 0060 0600 1007 0001<\/strong><\/p>\n<p>Sk\u0142adka cz\u0142onkowska wynosi 2 z\u0142 miesi\u0119cznie tj. 24 z\u0142 rocznie.<\/p>\n","protected":false},"excerpt":{"rendered":"<p>P R O T O K \u00d3 \u0141 nr 1\/2021 z posiedzenia Zarz\u0105du Stowarzyszenia Mi\u0142o\u015bnik\u00f3w Ziemi Niepo\u0142omickiej\u00a0\u00a0w dniu 28.10.2021 r. dotyczy ukonstytuowania Zarz\u0105du Stowarzyszenia Mi\u0142o\u015bnik\u00f3w Ziemi Niepo\u0142omickiej. W wyniku prowadzonych obrad Zarz\u0105d ukonstytuowa\u0142 si\u0119 nast\u0119puj\u0105co: Prezes Zarz\u0105du Stowarzyszenia\u00a0\u00a0\u00a0\u00a0\u00a0\u00a0 &#8211; Mieczys\u0142aw Janusz Jag\u0142a Wiceprezes Zarz\u0105du\u00a0\u00a0\u00a0\u00a0\u00a0\u00a0\u00a0\u00a0\u00a0\u00a0\u00a0\u00a0\u00a0\u00a0 \u00a0\u00a0\u00a0\u00a0\u00a0\u00a0\u00a0\u00a0\u00a0 \u00a0 &#8211; Maria Kania Wiceprezes Zarz\u0105du\u00a0\u00a0\u00a0\u00a0\u00a0 \u00a0\u00a0\u00a0\u00a0\u00a0\u00a0\u00a0\u00a0\u00a0\u00a0\u00a0\u00a0\u00a0\u00a0\u00a0 \u00a0\u00a0\u00a0\u00a0 &#8211; Pawe\u0142 [&hellip;]<\/p>\n","protected":false},"author":1,"featured_media":0,"parent":0,"menu_order":0,"comment_status":"closed","ping_status":"closed","template":"","meta":[],"_links":{"self":[{"href":"http:\/\/ziemia.niepolomice.pl\/index.php\/wp-json\/wp\/v2\/pages\/70"}],"collection":[{"href":"http:\/\/ziemia.niepolomice.pl\/index.php\/wp-json\/wp\/v2\/pages"}],"about":[{"href":"http:\/\/ziemia.niepolomice.pl\/index.php\/wp-json\/wp\/v2\/types\/page"}],"author":[{"embeddable":true,"href":"http:\/\/ziemia.niepolomice.pl\/index.php\/wp-json\/wp\/v2\/users\/1"}],"replies":[{"embeddable":true,"href":"http:\/\/ziemia.niepolomice.pl\/index.php\/wp-json\/wp\/v2\/comments?post=70"}],"version-history":[{"count":6,"href":"http:\/\/ziemia.niepolomice.pl\/index.php\/wp-json\/wp\/v2\/pages\/70\/revisions"}],"predecessor-version":[{"id":7951,"href":"http:\/\/ziemia.niepolomice.pl\/index.php\/wp-json\/wp\/v2\/pages\/70\/revisions\/7951"}],"wp:attachment":[{"href":"http:\/\/ziemia.niepolomice.pl\/index.php\/wp-json\/wp\/v2\/media?parent=70"}],"curies":[{"name":"wp","href":"https:\/\/api.w.org\/{rel}","templated":true}]}}